{"id":884,"date":"2015-06-06T21:41:40","date_gmt":"2015-06-06T19:41:40","guid":{"rendered":"http:\/\/www.kspnszz.org\/?page_id=884"},"modified":"2026-02-14T14:28:17","modified_gmt":"2026-02-14T13:28:17","slug":"struktury","status":"publish","type":"page","link":"https:\/\/kspnszz.org\/index.php\/struktury\/","title":{"rendered":"Struktura"},"content":{"rendered":"<table style=\"height: 1294px;\" width=\"1023\">\n<tbody>\n<tr>\n<td width=\"224\"><strong>Funkcja<\/strong><\/td>\n<td width=\"180\"><strong>Imi\u0119 Nazwisko<\/strong><\/td>\n<td width=\"132\"><strong>Kontakt<\/strong><\/td>\n<\/tr>\n<tr>\n<td>Przewodnicz\u0105cy<\/td>\n<td>Bart\u0142omiej Mickiewicz<\/td>\n<td>506 049 902<\/td>\n<\/tr>\n<tr>\n<td>Wiceprzewodnicz\u0105cy\/Skarbnik<\/td>\n<td>Maciej \u0141ozowski<\/td>\n<td>604 469 992<\/td>\n<\/tr>\n<tr>\n<td>Wiceprzewodnicz\u0105cy<\/td>\n<td>Tomasz Richert<\/td>\n<td>503 948 936<\/td>\n<\/tr>\n<tr>\n<td>Sekretarz<\/td>\n<td>Adam Rogoza<\/td>\n<td>693 227 764<\/td>\n<\/tr>\n<tr>\n<td>Cz\u0142onek Prezydium<\/td>\n<td>Jaros\u0142aw Rejner<\/td>\n<td><\/td>\n<\/tr>\n<tr>\n<td>Cz\u0142onek Prezydium<\/td>\n<td>\u0141ukasz G\u0105sto\u0142<\/td>\n<td><\/td>\n<\/tr>\n<tr>\n<td>Cz\u0142onek Prezydium<\/td>\n<td>Bogumi\u0142 Go\u017cdzik<\/td>\n<td>664 536 164<\/td>\n<\/tr>\n<tr>\n<td>Cz\u0142onek Prezydium<\/td>\n<td>Maciej Piszczek<\/td>\n<td><\/td>\n<\/tr>\n<tr>\n<td>Cz\u0142onek Prezydium<\/td>\n<td>Maciej Klimek<\/td>\n<td><\/td>\n<\/tr>\n<tr>\n<td>Cz\u0142onek Prezydium<\/td>\n<td>Grzegorz Sadowski<\/td>\n<td><\/td>\n<\/tr>\n<tr>\n<td><\/td>\n<td><strong>KOMISJA REWIZYJNA<\/strong><\/td>\n<td><\/td>\n<\/tr>\n<tr>\n<td>Przewodnicz\u0105cy Komisji<\/td>\n<td>Jaros\u0142aw Weremko<\/td>\n<td><\/td>\n<\/tr>\n<tr>\n<td>Cz\u0142onek Komisji<\/td>\n<td>Grzegorz Kurasi\u0144ski<\/td>\n<td><\/td>\n<\/tr>\n<tr>\n<td>Cz\u0142onek Komisji<\/td>\n<td>Andrzej Iwa\u0144ski<\/td>\n<td><\/td>\n<\/tr>\n<tr>\n<td>Cz\u0142onek Komisji<\/td>\n<td>\u0141ukasz Kiedrowicz<\/td>\n<td><\/td>\n<\/tr>\n<tr>\n<td>Cz\u0142onek Komisji<\/td>\n<td>Tomasz Otrompka<\/td>\n<td><\/td>\n<\/tr>\n<tr>\n<td><\/td>\n<td>\u00a0<strong>RADA SEKCJI<\/strong><\/td>\n<td><\/td>\n<\/tr>\n<tr>\n<td>Cz\u0142onek Rady<\/td>\n<td>Leszek Pazi\u0144ski<\/td>\n<td>Dolno\u015bl\u0105skie<\/td>\n<\/tr>\n<tr>\n<td>Cz\u0142onek Rady<\/td>\n<td>Szymon Dudzik<\/td>\n<td>Kujawsko pomorskie<\/td>\n<\/tr>\n<tr>\n<td>Cz\u0142onek Rady<\/td>\n<td>Maciej Klimek<\/td>\n<td>Kujawsko pomorskie<\/td>\n<\/tr>\n<tr>\n<td>Cz\u0142onek Rady<\/td>\n<td>Kamil Wybra\u0144ski<\/td>\n<td>Lubelskie<\/td>\n<\/tr>\n<tr>\n<td>Cz\u0142onek Rady<\/td>\n<td>Maciej Piszczek<\/td>\n<td>Lubelskie<\/td>\n<\/tr>\n<tr>\n<td>Cz\u0142onek Rady<\/td>\n<td>Daniel Naranowicz<\/td>\n<td>Lubuskie<\/td>\n<\/tr>\n<tr>\n<td>Cz\u0142onek Rady<\/td>\n<td>Maciej Szewczyk<\/td>\n<td>\u0141\u00f3dzkie<\/td>\n<\/tr>\n<tr>\n<td>Cz\u0142onek Rady<\/td>\n<td>Grzegorz Sadowski<\/td>\n<td>\u0141\u00f3dzkie<\/td>\n<\/tr>\n<tr>\n<td>Cz\u0142onek Rady<\/td>\n<td>Marcin Mi\u015bkiewicz<\/td>\n<td>\u0141\u00f3dzkie<\/td>\n<\/tr>\n<tr>\n<td>Cz\u0142onek Rady<\/td>\n<td>Mateusz G\u00f3rski<\/td>\n<td>Ma\u0142opolskie<\/td>\n<\/tr>\n<tr>\n<td>Cz\u0142onek Rady<\/td>\n<td>\u0141ukasz G\u0105sto\u0142<\/td>\n<td>Ma\u0142opolskie<\/td>\n<\/tr>\n<tr>\n<td>Cz\u0142onek Rady<\/td>\n<td>Marcin Dzi\u0119gielewski<\/td>\n<td>Mazowieckie<\/td>\n<\/tr>\n<tr>\n<td>Cz\u0142onek Rady<\/td>\n<td>Bart\u0142omiej Mickiewicz<\/td>\n<td>Mazowieckie<\/td>\n<\/tr>\n<tr>\n<td>Cz\u0142onek Rady<\/td>\n<td>Piotr Turowski<\/td>\n<td>Mazowieckie<\/td>\n<\/tr>\n<tr>\n<td>Cz\u0142onek Rady<\/td>\n<td>Wojciech Wilk<\/td>\n<td>Mazowieckie<\/td>\n<\/tr>\n<tr>\n<td>Cz\u0142onek Rady<\/td>\n<td>\u0141ukasz Szostak<\/td>\n<td>Opolskie<\/td>\n<\/tr>\n<tr>\n<td>Cz\u0142onek Rady<\/td>\n<td>Pawe\u0142 Zieli\u0144ski<\/td>\n<td>Opolskie<\/td>\n<\/tr>\n<tr>\n<td>Cz\u0142onek Rady<\/td>\n<td>Andrzej Skomra<\/td>\n<td>Podkarpackie<\/td>\n<\/tr>\n<tr>\n<td>Cz\u0142onek Rady<\/td>\n<td>Marcin Puzon<\/td>\n<td>Podkarpackie<\/td>\n<\/tr>\n<tr>\n<td>Cz\u0142onek Rady<\/td>\n<td>Maciej \u0141ozowski<\/td>\n<td>Podlaskie<\/td>\n<\/tr>\n<tr>\n<td>Cz\u0142onek Rady<\/td>\n<td>Jakub Andryszek<\/td>\n<td>Podlaskie<\/td>\n<\/tr>\n<tr>\n<td>Cz\u0142onek Rady<\/td>\n<td>Tomasz Richert<\/td>\n<td>Pomorskie<\/td>\n<\/tr>\n<tr>\n<td>Cz\u0142onek Rady<\/td>\n<td>\u0141ukasz Gaszkowski<\/td>\n<td>Pomorskie<\/td>\n<\/tr>\n<tr>\n<td>Cz\u0142onek Rady<\/td>\n<td>Dominik Duraj<\/td>\n<td>\u015al\u0105skie<\/td>\n<\/tr>\n<tr>\n<td>Cz\u0142onek Rady<\/td>\n<td>Adam Rogoza<\/td>\n<td>\u015al\u0105skie<\/td>\n<\/tr>\n<tr>\n<td>Cz\u0142onek Rady<\/td>\n<td>Mateusz Pietrzyk<\/td>\n<td>\u015al\u0105skie<\/td>\n<\/tr>\n<tr>\n<td>Cz\u0142onek Rady<\/td>\n<td>Sebastian Szewczyk<\/td>\n<td>\u015awi\u0119tokrzyskie<\/td>\n<\/tr>\n<tr>\n<td>Cz\u0142onek Rady<\/td>\n<td>Krzysztof Ostrowski<\/td>\n<td>Warmi\u0144sko-mazurskie<\/td>\n<\/tr>\n<tr>\n<td>Cz\u0142onek Rady<\/td>\n<td>Jaros\u0142aw Rejner<\/td>\n<td>Warmi\u0144sko-mazurskie<\/td>\n<\/tr>\n<tr>\n<td>Cz\u0142onek Rady<\/td>\n<td>Jacek Erkiert<\/td>\n<td>Wielkopolskie<\/td>\n<\/tr>\n<tr>\n<td>Cz\u0142onek Rady<\/td>\n<td>Bogumi\u0142 Go\u017adzik<\/td>\n<td>Wielkopolskie<\/td>\n<\/tr>\n<tr>\n<td>Cz\u0142onek Rady<\/td>\n<td>Damian \u017bukrowski<\/td>\n<td>Wielkopolskie<\/td>\n<\/tr>\n<tr>\n<td>Cz\u0142onek Rady<\/td>\n<td>Micha\u0142 Aftewicz<\/td>\n<td>Zachodniopomorskie<\/td>\n<\/tr>\n<tr>\n<td>Cz\u0142onek Rady<\/td>\n<td>\u0141ukasz Stefa\u0144ski<\/td>\n<td>Zachodniopomorskie<\/td>\n<\/tr>\n<\/tbody>\n<\/table>\n","protected":false},"excerpt":{"rendered":"<p>Funkcja Imi\u0119 Nazwisko Kontakt Przewodnicz\u0105cy Bart\u0142omiej Mickiewicz 506 049 902 Wiceprzewodnicz\u0105cy\/Skarbnik Maciej \u0141ozowski 604 469 992 Wiceprzewodnicz\u0105cy Tomasz Richert 503 948 936 Sekretarz Adam Rogoza 693 227 764 Cz\u0142onek Prezydium Jaros\u0142aw Rejner Cz\u0142onek Prezydium \u0141ukasz G\u0105sto\u0142 Cz\u0142onek Prezydium Bogumi\u0142 Go\u017cdzik 664 536 164 Cz\u0142onek Prezydium Maciej Piszczek Cz\u0142onek Prezydium Maciej Klimek Cz\u0142onek Prezydium Grzegorz Sadowski &hellip;<\/p>\n","protected":false},"author":1,"featured_media":0,"parent":0,"menu_order":0,"comment_status":"closed","ping_status":"closed","template":"","meta":{"footnotes":""},"yoast_head":"<!-- This site is optimized with the Yoast SEO plugin v22.7 - https:\/\/yoast.com\/wordpress\/plugins\/seo\/ -->\n<title>Struktura - KSPNSZZ<\/title>\n<meta name=\"robots\" content=\"index, follow, max-snippet:-1, max-image-preview:large, max-video-preview:-1\" \/>\n<link rel=\"canonical\" href=\"https:\/\/kspnszz.org\/index.php\/struktury\/\" \/>\n<meta property=\"og:locale\" content=\"pl_PL\" \/>\n<meta property=\"og:type\" content=\"article\" \/>\n<meta property=\"og:title\" content=\"Struktura - KSPNSZZ\" \/>\n<meta property=\"og:description\" content=\"Funkcja Imi\u0119 Nazwisko Kontakt Przewodnicz\u0105cy Bart\u0142omiej Mickiewicz 506 049 902 Wiceprzewodnicz\u0105cy\/Skarbnik Maciej \u0141ozowski 604 469 992 Wiceprzewodnicz\u0105cy Tomasz Richert 503 948 936 Sekretarz Adam Rogoza 693 227 764 Cz\u0142onek Prezydium Jaros\u0142aw Rejner Cz\u0142onek Prezydium \u0141ukasz G\u0105sto\u0142 Cz\u0142onek Prezydium Bogumi\u0142 Go\u017cdzik 664 536 164 Cz\u0142onek Prezydium Maciej Piszczek Cz\u0142onek Prezydium Maciej Klimek Cz\u0142onek Prezydium Grzegorz Sadowski &hellip;\" \/>\n<meta property=\"og:url\" content=\"https:\/\/kspnszz.org\/index.php\/struktury\/\" \/>\n<meta property=\"og:site_name\" content=\"KSPNSZZ\" \/>\n<meta property=\"article:modified_time\" content=\"2026-02-14T13:28:17+00:00\" \/>\n<meta name=\"twitter:card\" content=\"summary_large_image\" \/>\n<meta name=\"twitter:label1\" content=\"Szacowany czas czytania\" \/>\n\t<meta name=\"twitter:data1\" content=\"2 minuty\" \/>\n<script type=\"application\/ld+json\" class=\"yoast-schema-graph\">{\"@context\":\"https:\/\/schema.org\",\"@graph\":[{\"@type\":\"WebPage\",\"@id\":\"https:\/\/kspnszz.org\/index.php\/struktury\/\",\"url\":\"https:\/\/kspnszz.org\/index.php\/struktury\/\",\"name\":\"Struktura - KSPNSZZ\",\"isPartOf\":{\"@id\":\"http:\/\/kspnszz.org\/#website\"},\"datePublished\":\"2015-06-06T19:41:40+00:00\",\"dateModified\":\"2026-02-14T13:28:17+00:00\",\"breadcrumb\":{\"@id\":\"https:\/\/kspnszz.org\/index.php\/struktury\/#breadcrumb\"},\"inLanguage\":\"pl-PL\",\"potentialAction\":[{\"@type\":\"ReadAction\",\"target\":[\"https:\/\/kspnszz.org\/index.php\/struktury\/\"]}]},{\"@type\":\"BreadcrumbList\",\"@id\":\"https:\/\/kspnszz.org\/index.php\/struktury\/#breadcrumb\",\"itemListElement\":[{\"@type\":\"ListItem\",\"position\":1,\"name\":\"Strona g\u0142\u00f3wna\",\"item\":\"http:\/\/kspnszz.org\/\"},{\"@type\":\"ListItem\",\"position\":2,\"name\":\"Struktura\"}]},{\"@type\":\"WebSite\",\"@id\":\"http:\/\/kspnszz.org\/#website\",\"url\":\"http:\/\/kspnszz.org\/\",\"name\":\"KSPNSZZ\",\"description\":\"Krajowa Sekcja Po\u017carnictwa\",\"potentialAction\":[{\"@type\":\"SearchAction\",\"target\":{\"@type\":\"EntryPoint\",\"urlTemplate\":\"http:\/\/kspnszz.org\/?s={search_term_string}\"},\"query-input\":\"required name=search_term_string\"}],\"inLanguage\":\"pl-PL\"}]}<\/script>\n<!-- \/ Yoast SEO plugin. -->","yoast_head_json":{"title":"Struktura - KSPNSZZ","robots":{"index":"index","follow":"follow","max-snippet":"max-snippet:-1","max-image-preview":"max-image-preview:large","max-video-preview":"max-video-preview:-1"},"canonical":"https:\/\/kspnszz.org\/index.php\/struktury\/","og_locale":"pl_PL","og_type":"article","og_title":"Struktura - KSPNSZZ","og_description":"Funkcja Imi\u0119 Nazwisko Kontakt Przewodnicz\u0105cy Bart\u0142omiej Mickiewicz 506 049 902 Wiceprzewodnicz\u0105cy\/Skarbnik Maciej \u0141ozowski 604 469 992 Wiceprzewodnicz\u0105cy Tomasz Richert 503 948 936 Sekretarz Adam Rogoza 693 227 764 Cz\u0142onek Prezydium Jaros\u0142aw Rejner Cz\u0142onek Prezydium \u0141ukasz G\u0105sto\u0142 Cz\u0142onek Prezydium Bogumi\u0142 Go\u017cdzik 664 536 164 Cz\u0142onek Prezydium Maciej Piszczek Cz\u0142onek Prezydium Maciej Klimek Cz\u0142onek Prezydium Grzegorz Sadowski &hellip;","og_url":"https:\/\/kspnszz.org\/index.php\/struktury\/","og_site_name":"KSPNSZZ","article_modified_time":"2026-02-14T13:28:17+00:00","twitter_card":"summary_large_image","twitter_misc":{"Szacowany czas czytania":"2 minuty"},"schema":{"@context":"https:\/\/schema.org","@graph":[{"@type":"WebPage","@id":"https:\/\/kspnszz.org\/index.php\/struktury\/","url":"https:\/\/kspnszz.org\/index.php\/struktury\/","name":"Struktura - KSPNSZZ","isPartOf":{"@id":"http:\/\/kspnszz.org\/#website"},"datePublished":"2015-06-06T19:41:40+00:00","dateModified":"2026-02-14T13:28:17+00:00","breadcrumb":{"@id":"https:\/\/kspnszz.org\/index.php\/struktury\/#breadcrumb"},"inLanguage":"pl-PL","potentialAction":[{"@type":"ReadAction","target":["https:\/\/kspnszz.org\/index.php\/struktury\/"]}]},{"@type":"BreadcrumbList","@id":"https:\/\/kspnszz.org\/index.php\/struktury\/#breadcrumb","itemListElement":[{"@type":"ListItem","position":1,"name":"Strona g\u0142\u00f3wna","item":"http:\/\/kspnszz.org\/"},{"@type":"ListItem","position":2,"name":"Struktura"}]},{"@type":"WebSite","@id":"http:\/\/kspnszz.org\/#website","url":"http:\/\/kspnszz.org\/","name":"KSPNSZZ","description":"Krajowa Sekcja Po\u017carnictwa","potentialAction":[{"@type":"SearchAction","target":{"@type":"EntryPoint","urlTemplate":"http:\/\/kspnszz.org\/?s={search_term_string}"},"query-input":"required name=search_term_string"}],"inLanguage":"pl-PL"}]}},"_links":{"self":[{"href":"https:\/\/kspnszz.org\/index.php\/wp-json\/wp\/v2\/pages\/884"}],"collection":[{"href":"https:\/\/kspnszz.org\/index.php\/wp-json\/wp\/v2\/pages"}],"about":[{"href":"https:\/\/kspnszz.org\/index.php\/wp-json\/wp\/v2\/types\/page"}],"author":[{"embeddable":true,"href":"https:\/\/kspnszz.org\/index.php\/wp-json\/wp\/v2\/users\/1"}],"replies":[{"embeddable":true,"href":"https:\/\/kspnszz.org\/index.php\/wp-json\/wp\/v2\/comments?post=884"}],"version-history":[{"count":24,"href":"https:\/\/kspnszz.org\/index.php\/wp-json\/wp\/v2\/pages\/884\/revisions"}],"predecessor-version":[{"id":8112,"href":"https:\/\/kspnszz.org\/index.php\/wp-json\/wp\/v2\/pages\/884\/revisions\/8112"}],"wp:attachment":[{"href":"https:\/\/kspnszz.org\/index.php\/wp-json\/wp\/v2\/media?parent=884"}],"curies":[{"name":"wp","href":"https:\/\/api.w.org\/{rel}","templated":true}]}}