{"version":"1.0","provider_name":"KSPNSZZ","provider_url":"https:\/\/kspnszz.org","author_name":"bartlomiej","author_url":"https:\/\/kspnszz.org\/index.php\/author\/bartlomiej\/","title":"Zmiana na stanowisku \u0142\u00f3dzkiego komendanta wojew\u00f3dzkiego - KSPNSZZ","type":"rich","width":600,"height":338,"html":"<blockquote class=\"wp-embedded-content\" data-secret=\"CyvgRxd2cU\"><a href=\"https:\/\/kspnszz.org\/index.php\/2020\/04\/01\/zmiana-na-stanowisku-lodzkiego-komendanta-wojewodzkiego\/\">Zmiana na stanowisku \u0142\u00f3dzkiego komendanta wojew\u00f3dzkiego<\/a><\/blockquote><iframe sandbox=\"allow-scripts\" security=\"restricted\" src=\"https:\/\/kspnszz.org\/index.php\/2020\/04\/01\/zmiana-na-stanowisku-lodzkiego-komendanta-wojewodzkiego\/embed\/#?secret=CyvgRxd2cU\" width=\"600\" height=\"338\" title=\"&#8222;Zmiana na stanowisku \u0142\u00f3dzkiego komendanta wojew\u00f3dzkiego&#8221; &#8212; KSPNSZZ\" data-secret=\"CyvgRxd2cU\" frameborder=\"0\" marginwidth=\"0\" marginheight=\"0\" scrolling=\"no\" class=\"wp-embedded-content\"><\/iframe><script type=\"text\/javascript\">\n\/* <![CDATA[ *\/\n\/*! This file is auto-generated *\/\n!function(d,l){\"use strict\";l.querySelector&&d.addEventListener&&\"undefined\"!=typeof URL&&(d.wp=d.wp||{},d.wp.receiveEmbedMessage||(d.wp.receiveEmbedMessage=function(e){var t=e.data;if((t||t.secret||t.message||t.value)&&!\/[^a-zA-Z0-9]\/.test(t.secret)){for(var s,r,n,a=l.querySelectorAll('iframe[data-secret=\"'+t.secret+'\"]'),o=l.querySelectorAll('blockquote[data-secret=\"'+t.secret+'\"]'),c=new RegExp(\"^https?:$\",\"i\"),i=0;i<o.length;i++)o[i].style.display=\"none\";for(i=0;i<a.length;i++)s=a[i],e.source===s.contentWindow&&(s.removeAttribute(\"style\"),\"height\"===t.message?(1e3<(r=parseInt(t.value,10))?r=1e3:~~r<200&&(r=200),s.height=r):\"link\"===t.message&&(r=new URL(s.getAttribute(\"src\")),n=new URL(t.value),c.test(n.protocol))&&n.host===r.host&&l.activeElement===s&&(d.top.location.href=t.value))}},d.addEventListener(\"message\",d.wp.receiveEmbedMessage,!1),l.addEventListener(\"DOMContentLoaded\",function(){for(var e,t,s=l.querySelectorAll(\"iframe.wp-embedded-content\"),r=0;r<s.length;r++)(t=(e=s[r]).getAttribute(\"data-secret\"))||(t=Math.random().toString(36).substring(2,12),e.src+=\"#?secret=\"+t,e.setAttribute(\"data-secret\",t)),e.contentWindow.postMessage({message:\"ready\",secret:t},\"*\")},!1)))}(window,document);\n\/* ]]> *\/\n<\/script>\n","thumbnail_url":"http:\/\/kspnszz.org\/wp-content\/uploads\/2020\/04\/kw-\u0142\u00f3d\u017a.jpg","thumbnail_width":800,"thumbnail_height":531,"description":"31 marca 2020 roku w Komendzie Wojew\u00f3dzkiej Pa\u0144stwowej Stra\u017cy Po\u017carnej w \u0141odzi odby\u0142a si\u0119 uroczysto\u015b\u0107 zdania oraz przyj\u0119cia obowi\u0105zk\u00f3w \u0142\u00f3dzkiego komendanta wojew\u00f3dzkiego Pa\u0144stwowej Stra\u017cy Po\u017carnej. Po 30 latach ze s\u0142u\u017cby odszed\u0142 nadbryg. Jaros\u0142aw Wlaz\u0142owski \u2013 zdaj\u0105cy obowi\u0105zki \u0142\u00f3dzkiego komendanta wojew\u00f3dzkiego PSP. Minister Spraw Wewn\u0119trznych i Administracji z dniem 1 kwietnia 2020 roku powo\u0142a\u0142 bryg. Grzegorza &hellip;"}